{"id":267,"date":"2021-09-19T17:35:01","date_gmt":"2021-09-19T17:35:01","guid":{"rendered":"https:\/\/espacoelisheva.wordpress.com\/?page_id=267"},"modified":"2026-02-03T16:02:09","modified_gmt":"2026-02-03T16:02:09","slug":"testemunhos","status":"publish","type":"page","link":"https:\/\/espacoelisheva.pt\/index.php\/testemunhos\/","title":{"rendered":"Testemunhos"},"content":{"rendered":"\n<div class=\"wp-block-columns are-vertically-aligned-center is-layout-flex wp-container-core-columns-is-layout-28f84493 wp-block-columns-is-layout-flex\">\n<div class=\"wp-block-column is-vertically-aligned-center is-layout-flow wp-block-column-is-layout-flow\" style=\"flex-basis:50%\">\n<figure class=\"wp-block-pullquote has-background\" style=\"background-color:#91f6f8\"><blockquote><p>&#8220;Foi com muito prazer que participei&nbsp;nesta forma\u00e7\u00e3o, aprendi e revi conte\u00fados&nbsp;que&nbsp; s\u00e3o realmente importantes&nbsp;para uma organiza\u00e7\u00e3o do trabalho e&nbsp;sobretudo para uma melhor presta\u00e7\u00e3o de apoio \u00e0 popula\u00e7\u00e3o&nbsp;idosa.&#8221;<\/p><\/blockquote><\/figure>\n<\/div>\n\n\n\n<div class=\"wp-block-column is-layout-flow wp-block-column-is-layout-flow\" style=\"flex-basis:50%\">\n<figure class=\"wp-block-pullquote has-background\" style=\"background-color:#91f6f8\"><blockquote><p>&#8220;Antes de mais gostava de felicitar a formadora pela forma como est\u00e1 a abordar e conduzir este workshop, os exemplos e o seu \u00e0-vontade d\u00e3o um enorme suporte ao mesmo. Est\u00e1 a ser muito produtivo e interessante.&#8221;<\/p><\/blockquote><\/figure>\n<\/div>\n<\/div>\n\n\n\n<div class=\"wp-block-columns is-layout-flex wp-container-core-columns-is-layout-28f84493 wp-block-columns-is-layout-flex\">\n<div class=\"wp-block-column is-layout-flow wp-block-column-is-layout-flow\" style=\"flex-basis:50%\">\n<figure class=\"wp-block-pullquote has-background\" style=\"background-color:#91f6f8\"><blockquote><p>&#8220;Muito obrigada. Ainda n\u00e3o consegui assistir a todo o workshop, mas at\u00e9 agora estou a gostar bastante. A formadora \u00e9 excelente.&#8221;<\/p><\/blockquote><\/figure>\n<\/div>\n\n\n\n<div class=\"wp-block-column is-layout-flow wp-block-column-is-layout-flow\" style=\"flex-basis:50%\">\n<figure class=\"wp-block-pullquote has-background\" style=\"background-color:#91f6f8\"><blockquote><p>&#8220;Adorei o workshop e a forma como foram explicados os conceitos, sempre acompanhados com exemplos pr\u00e1ticos e reais.&#8221;<\/p><\/blockquote><\/figure>\n<\/div>\n<\/div>\n\n\n\n<div class=\"wp-block-columns is-layout-flex wp-container-core-columns-is-layout-28f84493 wp-block-columns-is-layout-flex\">\n<div class=\"wp-block-column is-layout-flow wp-block-column-is-layout-flow\">\n<figure class=\"wp-block-pullquote has-background\" style=\"background-color:#91f6f8\"><blockquote><p>&#8220;Adorei. Adquiri v\u00e1rias novas compet\u00eancias para melhorar o meu trabalho e da minha equipa na nossa Institui\u00e7\u00e3o. Obrigada pela fant\u00e1stica partilha no workshop.&#8221;<\/p><cite>Aida Margarida<\/cite><\/blockquote><\/figure>\n<\/div>\n\n\n\n<div class=\"wp-block-column is-layout-flow wp-block-column-is-layout-flow\">\n<figure class=\"wp-block-pullquote has-background\" style=\"background-color:#91f6f8\"><blockquote><p>&#8220;Realizei a maioria dos workshops e gostei muito. Os conte\u00fados e exemplos dados foram uma mais valia para melhorar a minha interven\u00e7\u00e3o na minha institui\u00e7\u00e3o.&#8221;<\/p><cite>M\u00e1rcia Garcia<\/cite><\/blockquote><\/figure>\n<\/div>\n<\/div>\n\n\n\n<div class=\"wp-block-columns is-layout-flex wp-container-core-columns-is-layout-28f84493 wp-block-columns-is-layout-flex\">\n<div class=\"wp-block-column is-layout-flow wp-block-column-is-layout-flow\">\n<figure class=\"wp-block-pullquote has-background\" style=\"background-color:#91f6f8\"><blockquote><p>Muito obrigada pelos documentos enviados.<\/p><cite>R. S. <\/cite><\/blockquote><\/figure>\n<\/div>\n\n\n\n<div class=\"wp-block-column is-layout-flow wp-block-column-is-layout-flow\">\n<figure class=\"wp-block-pullquote has-background\" style=\"background-color:#91f6f8\"><blockquote><p>Obrigada pelo workshop, que muito me enriqueceu.<\/p><cite>C.N.<\/cite><\/blockquote><\/figure>\n<\/div>\n<\/div>\n\n\n\n<div class=\"wp-block-columns is-layout-flex wp-container-core-columns-is-layout-28f84493 wp-block-columns-is-layout-flex\">\n<div class=\"wp-block-column is-layout-flow wp-block-column-is-layout-flow\">\n<figure class=\"wp-block-pullquote has-background\" style=\"background-color:#91f6f8\"><blockquote><p>Antes de mais quero felicit\u00e1-la por esta forma\u00e7\u00e3o, pois foi a primeira vez que fiz uma forma\u00e7\u00e3o com o Espa\u00e7o Elisheva e sem d\u00favida que&nbsp; estou muito satisfeita e recomendo.<\/p><cite>C. L. <\/cite><\/blockquote><\/figure>\n\n\n\n<figure class=\"wp-block-pullquote has-foreground-color has-secondary-background-color has-text-color has-background\"><blockquote><p>Aproveito para mencionar que o workshop est\u00e1 muito bem elaborado e aborda os assuntos mais importantes (referindo-se ao workshop Dire\u00e7\u00e3o T\u00e9cnica de Equipamentos Sociais).&nbsp;<\/p><cite>H.T.<\/cite><\/blockquote><\/figure>\n\n\n\n<figure class=\"wp-block-pullquote has-foreground-color has-secondary-background-color has-text-color has-background\"><blockquote><p>Muitos parab\u00e9ns pela organiza\u00e7\u00e3o do workshop (referindo-se ao workshop Dire\u00e7\u00e3o T\u00e9cnica de Equipamentos Sociais).<\/p><cite>E. A. <\/cite><\/blockquote><\/figure>\n<\/div>\n\n\n\n<div class=\"wp-block-column is-layout-flow wp-block-column-is-layout-flow\">\n<figure class=\"wp-block-pullquote has-background\" style=\"background-color:#91f6f8\"><blockquote><p>\u00c9 de referir que esta forma\u00e7\u00e3o foi extremamente clarificadora e enriquecedora para mim enquanto Diretora T\u00e9cnica e que certamente me permitir\u00e1 procurar desenvolver mudan\u00e7as que permitam melhorar o desempenho da minha organiza\u00e7\u00e3o. (referindo-se ao workshop Dire\u00e7\u00e3o T\u00e9cnica de Equipamentos Sociais)<\/p><cite>P. O. <\/cite><\/blockquote><\/figure>\n\n\n\n<figure class=\"wp-block-pullquote has-foreground-color has-secondary-background-color has-text-color has-background\"><blockquote><p>J\u00e1 fiz v\u00e1rios workshops. Adorei, super satisfeita pela partilha de conhecimentos e explica\u00e7\u00f5es bem fundamentadas.<\/p><cite>L. M.<\/cite><\/blockquote><\/figure>\n\n\n\n<p><\/p>\n<\/div>\n<\/div>\n","protected":false},"excerpt":{"rendered":"<p>&#8220;Foi com muito prazer que participei&nbsp;nesta forma\u00e7\u00e3o, aprendi e revi conte\u00fados&nbsp;que&nbsp; s\u00e3o realmente importantes&nbsp;para uma organiza\u00e7\u00e3o do trabalho e&nbsp;sobretudo para uma melhor presta\u00e7\u00e3o de apoio \u00e0 popula\u00e7\u00e3o&nbsp;idosa.&#8221; &#8220;Antes de mais gostava de felicitar a formadora pela forma como est\u00e1 a abordar e conduzir este workshop, os exemplos e o seu \u00e0-vontade d\u00e3o um enorme suporte<a class=\"more-link\" href=\"https:\/\/espacoelisheva.pt\/index.php\/testemunhos\/\">Continue reading <span class=\"screen-reader-text\">&#8220;Testemunhos&#8221;<\/span><\/a><\/p>\n","protected":false},"author":2,"featured_media":0,"parent":0,"menu_order":0,"comment_status":"closed","ping_status":"closed","template":"","meta":{"_coblocks_attr":"","_coblocks_dimensions":"","_coblocks_responsive_height":"","_coblocks_accordion_ie_support":"","footnotes":""},"class_list":["post-267","page","type-page","status-publish","hentry","entry"],"jetpack_sharing_enabled":true,"_links":{"self":[{"href":"https:\/\/espacoelisheva.pt\/index.php\/wp-json\/wp\/v2\/pages\/267","targetHints":{"allow":["GET"]}}],"collection":[{"href":"https:\/\/espacoelisheva.pt\/index.php\/wp-json\/wp\/v2\/pages"}],"about":[{"href":"https:\/\/espacoelisheva.pt\/index.php\/wp-json\/wp\/v2\/types\/page"}],"author":[{"embeddable":true,"href":"https:\/\/espacoelisheva.pt\/index.php\/wp-json\/wp\/v2\/users\/2"}],"replies":[{"embeddable":true,"href":"https:\/\/espacoelisheva.pt\/index.php\/wp-json\/wp\/v2\/comments?post=267"}],"version-history":[{"count":1,"href":"https:\/\/espacoelisheva.pt\/index.php\/wp-json\/wp\/v2\/pages\/267\/revisions"}],"predecessor-version":[{"id":788,"href":"https:\/\/espacoelisheva.pt\/index.php\/wp-json\/wp\/v2\/pages\/267\/revisions\/788"}],"wp:attachment":[{"href":"https:\/\/espacoelisheva.pt\/index.php\/wp-json\/wp\/v2\/media?parent=267"}],"curies":[{"name":"wp","href":"https:\/\/api.w.org\/{rel}","templated":true}]}}